{"id":1293,"date":"2017-04-13T17:34:53","date_gmt":"2017-04-13T15:34:53","guid":{"rendered":"http:\/\/juz-boehl-iggelheim.de\/?page_id=1293"},"modified":"2026-04-02T17:15:55","modified_gmt":"2026-04-02T16:15:55","slug":"hausordnung","status":"publish","type":"page","link":"https:\/\/juz-boehl-iggelheim.de\/?page_id=1293","title":{"rendered":"Hausordnung des Kinder- und Jugendzentrums B\u00f6hl-Iggelheim"},"content":{"rendered":"\n<figure class=\"wp-block-image size-large is-style-default\"><img decoding=\"async\" width=\"274\" height=\"112\" src=\"https:\/\/juz-boehl-iggelheim.de\/wp-content\/uploads\/2020\/09\/grafik.png\" alt=\"\" class=\"wp-image-6211\"\/><\/figure>\n\n\n<h1>Hausordnung<\/h1>\n<p>Das Kinder und Jugendzentrum (&#8220;JUZ&#8221;), B\u00f6hl-Iggelheim, steht <strong>Besuchern von 6 bis 27 Jahren<\/strong> offen.<\/p>\n<p><strong>&nbsp;<\/strong><\/p>\n<p><strong>Die Besucher <em>k\u00f6nnen<\/em> und <em>sollen<\/em> sich an der <em>Gestaltung<\/em> des Einrichtungsbetriebes beteiligen. <\/strong><\/p>\n<p><strong>&nbsp;<\/strong><\/p>\n<p><strong><u>Wir <\/u><\/strong><strong><em><u>erwarten<\/u><\/em><\/strong> <strong><u>wir von allen Besuchern des JUZ:<\/u><\/strong><\/p>\n<ul>\n<li><strong>Respekt<\/strong> gegen\u00fcber dem <strong>Personal<\/strong> und anderen <strong>Besuchern<\/strong><\/li>\n<li><strong>Respekt<\/strong> gegen\u00fcber der <strong>Einrichtung<\/strong>: Haus und Inventar sind f\u00fcr <strong>alle<\/strong> <strong>Besucher<\/strong> da!<\/li>\n<li><strong>Das Befolgen<\/strong> der <strong>Hausordnung:<\/strong>\n<ul>\n<li><strong>Die Hauptamtlichen haben das Hausrecht<\/strong><\/li>\n<li>Eine <em>Missachtung<\/em> der Hausordnung f\u00fchrt zu <em>Konsequenzen<\/em> bis hin zu einem <em>Hausverbot<\/em>.<\/li>\n<\/ul>\n<\/li>\n<li><strong>Keine Gewalt<\/strong> \u2013 weder k\u00f6rperliche noch psychische<\/li>\n<li>Rassistische, verfassungsfeindliche oder verfassungswidrige Kennzeichen, Symbole oder Sprachen sind untersagt.<\/li>\n<li>Ein <strong>Hausverbot<\/strong> <strong>gilt f\u00fcr<\/strong> das <strong>Haus<\/strong>, sowie <strong>das gesamte Au\u00dfengel\u00e4nde<\/strong> (inkl. Pl\u00e4tze vor und hinter dem JUZ, Volley- &amp; Fu\u00dfballplatz).<\/li>\n<\/ul>\n<p>&nbsp;<\/p>\n<p><strong><u>Wir halten uns an das <em>Jugendschutzgesetz<\/em>, daher gilt:<\/u><\/strong><\/p>\n<p>&nbsp;<\/p>\n<ul>\n<li>Das <strong>Mitbringen und Trinken von<\/strong> <strong>Alkohol und alkoholhaltigen Getr\u00e4nken ist untersagt<\/strong>.<\/li>\n<li><strong>Angetrunkene<\/strong> Personen haben <strong>keinen Zutritt<\/strong> zum JUZ. Beim Versto\u00df muss die Person das JUZ verlassen.<\/li>\n<li><strong><u>Besitz und Genuss von Drogen<\/u><\/strong> ist auf dem Gel\u00e4nde des Jugendzentrums <strong>verboten<\/strong>.\n<ul>\n<li>Personen, bei denen der <em>Verdacht auf Konsum von Drogen vor dem Besuch<\/em> des JUZ besteht, wird der Zutritt zum JUZ verwehrt.<\/li>\n<\/ul>\n<\/li>\n<li><strong><u>Das Rauchen ist erst ab 18 Jahren gestattet &#8211; auch hier im JUZ<\/u><\/strong>!<\/li>\n<li>Das Mitbringen von <strong><u>Waffen und waffen\u00e4hnlichen Gegenst\u00e4nden<\/u><\/strong> ist <strong>verboten<\/strong>.<\/li>\n<li>Die Hauptamtlichen d\u00fcrfen <strong>unerlaubte Gegenst\u00e4nde konfiszieren<\/strong> und den Eltern oder zust\u00e4ndigen Stellen aush\u00e4ndigen!<\/li>\n<li>Im JUZ ist jegliche parteipolitische Bet\u00e4tigung untersagt.<\/li>\n<li><strong>Zutritt zur <em>K\u00fcche<\/em><\/strong> hat nur das Personal, sowie Besucher, die sich <strong>aktiv<\/strong> und <strong>nach voriger Absprache<\/strong> am K\u00fcchendienst beteiligen.<\/li>\n<li>Bei Nutzung der Gruppen-PCs d\u00fcrfen <strong>keine Webseiten mit gewaltt\u00e4tigen oder pornographischen Inhalten besucht werden.<\/strong><\/li>\n<li><strong>F\u00fcr die Ausleihe<\/strong> von Billard, Fu\u00dfball und anderen Spielmaterialien <strong>wird ein Pfand<\/strong>, <strong>das einen Wert f\u00fcr den Besucher hat<\/strong> (z.B. Schl\u00fcssel), abgegeben. Das Pfand wird an einem sicheren Ort verwahrt und zur\u00fcckgegeben, sofern die Ausleihe nicht mutwillig besch\u00e4digt oder zerst\u00f6rt wurde.<\/li>\n<li><strong>Musik<\/strong> wird in einer <strong>Lautst\u00e4rke geh\u00f6rt, bei der eine normale Unterhaltung noch m\u00f6glich<\/strong><\/li>\n<li>Das <strong>Abstellen von Fahrr\u00e4dern, E-Rollern usw. im Hausflur<\/strong> ist wegen <strong>Brandschutz<\/strong> <strong>nicht erlaubt<\/strong>.<\/li>\n<li>Das <strong>Herumfahren<\/strong> mit E-Rollern oder Fahrr\u00e4dern usw. <strong>im Haus<\/strong> ist wegen der Verletzungsgefahr <strong>nicht erlaubt<\/strong>.<\/li>\n<li>Im ganzen Haus wird auf <strong>M\u00fcllvermeidung<\/strong> geachtet:\n<ul>\n<li>Der M\u00fcll wird in die M\u00fclleimer entsorgt.<\/li>\n<li>Die Toiletten werden sauber hinterlassen.<\/li>\n<li>Wird dies nicht eingehalten, muss mit Konsequenzen gerechnet werden.<\/li>\n<\/ul>\n<\/li>\n<li>Die Einrichtung \u00fcbernimmt keine Haftung f\u00fcr pers\u00f6nliche Wertgegenst\u00e4nde.<\/li>\n<\/ul>\n<p>&nbsp;<\/p>\n<p>&nbsp;<\/p>\n<p>&nbsp;<\/p>\n<p><em>Die Hauptamtlichen Mitarbeiter Birgit Kerler (Einrichtungsleitung), Heiko Gierczyk und Holger R\u00f6\u00dfler<\/em><\/p>\n<p><em>&nbsp;<\/em>B\u00f6hl-Iggelheim im Februar 2026<\/p>","protected":false},"excerpt":{"rendered":"<p>Hausordnung Das Kinder und Jugendzentrum (&#8220;JUZ&#8221;), B\u00f6hl-Iggelheim, steht Besuchern von 6 bis 27 Jahren offen. &nbsp; Die Besucher k\u00f6nnen und sollen sich an der Gestaltung des Einrichtungsbetriebes beteiligen. &nbsp; Wir erwarten wir von allen Besuchern des JUZ: Respekt gegen\u00fcber dem Personal und anderen Besuchern Respekt gegen\u00fcber der Einrichtung: Haus und Inventar sind f\u00fcr alle Besucher [&hellip;]<\/p>\n","protected":false},"author":8,"featured_media":0,"parent":0,"menu_order":0,"comment_status":"closed","ping_status":"closed","template":"","meta":{"_crdt_document":"","ngg_post_thumbnail":0,"footnotes":""},"class_list":["post-1293","page","type-page","status-publish","hentry","post-preview"],"_links":{"self":[{"href":"https:\/\/juz-boehl-iggelheim.de\/index.php?rest_route=\/wp\/v2\/pages\/1293","targetHints":{"allow":["GET"]}}],"collection":[{"href":"https:\/\/juz-boehl-iggelheim.de\/index.php?rest_route=\/wp\/v2\/pages"}],"about":[{"href":"https:\/\/juz-boehl-iggelheim.de\/index.php?rest_route=\/wp\/v2\/types\/page"}],"author":[{"embeddable":true,"href":"https:\/\/juz-boehl-iggelheim.de\/index.php?rest_route=\/wp\/v2\/users\/8"}],"replies":[{"embeddable":true,"href":"https:\/\/juz-boehl-iggelheim.de\/index.php?rest_route=%2Fwp%2Fv2%2Fcomments&post=1293"}],"version-history":[{"count":8,"href":"https:\/\/juz-boehl-iggelheim.de\/index.php?rest_route=\/wp\/v2\/pages\/1293\/revisions"}],"predecessor-version":[{"id":8319,"href":"https:\/\/juz-boehl-iggelheim.de\/index.php?rest_route=\/wp\/v2\/pages\/1293\/revisions\/8319"}],"wp:attachment":[{"href":"https:\/\/juz-boehl-iggelheim.de\/index.php?rest_route=%2Fwp%2Fv2%2Fmedia&parent=1293"}],"curies":[{"name":"wp","href":"https:\/\/api.w.org\/{rel}","templated":true}]}}