{"id":40,"date":"2010-09-07T15:14:26","date_gmt":"2010-09-07T13:14:26","guid":{"rendered":"http:\/\/juz-boehl-iggelheim.de\/wordpress\/?page_id=40"},"modified":"2025-09-01T12:31:53","modified_gmt":"2025-09-01T11:31:53","slug":"unsere-einrichtung","status":"publish","type":"page","link":"https:\/\/juz-boehl-iggelheim.de\/?page_id=40","title":{"rendered":"Kontakt zum Team"},"content":{"rendered":"<p><a href=\"https:\/\/juz-boehl-iggelheim.de\/wp-content\/uploads\/2022\/03\/Neues-Schild.jpg\"><img fetchpriority=\"high\" decoding=\"async\" class=\"alignleft wp-image-7156\" src=\"https:\/\/juz-boehl-iggelheim.de\/wp-content\/uploads\/2022\/03\/Neues-Schild.jpg\" alt=\"\" width=\"250\" height=\"333\" srcset=\"https:\/\/juz-boehl-iggelheim.de\/wp-content\/uploads\/2022\/03\/Neues-Schild.jpg 1200w, https:\/\/juz-boehl-iggelheim.de\/wp-content\/uploads\/2022\/03\/Neues-Schild-225x300.jpg 225w, https:\/\/juz-boehl-iggelheim.de\/wp-content\/uploads\/2022\/03\/Neues-Schild-768x1024.jpg 768w, https:\/\/juz-boehl-iggelheim.de\/wp-content\/uploads\/2022\/03\/Neues-Schild-1152x1536.jpg 1152w, https:\/\/juz-boehl-iggelheim.de\/wp-content\/uploads\/2022\/03\/Neues-Schild-676x901.jpg 676w\" sizes=\"(max-width: 250px) 100vw, 250px\" \/><\/a><\/p>\n<p>Das <strong>Kinder- und Jugendzentrum B\u00f6hl-Iggelheim<\/strong> ist eine Einrichtung der Jugendpflege und steht unter der Tr\u00e4gerschaft der <em>Gemeinde B\u00f6hl-Iggelheim<\/em>.<\/p>\n<p>W\u00e4hrend der \u00d6ffnungszeiten sind immer hauptamtliche p\u00e4dagogische Mitarbeiter vor Ort und stehen als Ansprechpartner f\u00fcr Kinder, Jugendliche, Eltern und allen Interessierten zur Verf\u00fcgung.<\/p>\n<p>&nbsp;<\/p>\n<p>&nbsp;<\/p>\n<p><span style=\"font-size: 14pt;\"><strong>Kontakt<\/strong><\/span>: 06324- 979184 oder 921 90 404<\/p>\n<p><strong>oder <\/strong>per Email an:<strong> <a href=\"Jugendzentrum@boehl-iggelheim.de\">Jugendzentrum@boehl-iggelheim.de<\/a><\/strong><\/p>\n<p>&nbsp;<\/p>\n<p><strong>Stammteam<\/strong>:<\/p>\n<p><strong>Birgit Kerler<\/strong> (Sozialarbeiterin, Einrichtungsleiterin);<br \/>\n<em>Diensthandy<\/em>: 0162 &#8211; 104 99 30<br \/>\n<strong>Heiko Gierczyk<\/strong> (Fachkraft f\u00fcr Sozialp\u00e4dagogik);<br \/>\n<em>Diensthandy<\/em>: 0174 &#8211; 73 98 749<br \/>\n<strong>Holger R\u00f6\u00dfler<\/strong> (Dipl. Sozialarbeiter\/-p\u00e4dagoge (FH)); <em><br \/>\nDiensthandy<\/em>: 0162 &#8211; 105 01 83<\/p>\n<p><strong>In der Regel<\/strong> sind wir <em>Montag bis Freitag zwischen 14-21 Uhr im B\u00fcro oder \u00fcber unsere <strong>Diensthandys<\/strong><\/em> erreichbar.<\/p>\n<p>Ihr k\u00f6nnt uns auch <strong><em>schreiben<\/em><\/strong>: auf unseren Diensthandys nutzen wir neben WhatsApp auch den <em>sicheren<\/em> Messenger <strong>SIGNAL<\/strong> &#8211; wenn&#8217;s mal ein vertraulicherer Chat sein soll&#8230;<\/p>\n<p>&nbsp;<\/p>\n<p><strong>Freiwilliges Soziales Jahr<\/strong>: Niklas Unruh (seit August &#8217;25)<\/p>\n<p style=\"text-align: center;\"><em><strong>Wenn Du Interesse hast, Dein FSJ<\/strong><\/em> bei uns zu machen, melde Dich gerne bei uns: 06324- 979184 oder 921 90 404 <strong>oder <\/strong>per Email an:<strong> <a href=\"Jugendzentrum@boehl-iggelheim.de\">Jugendzentrum@boehl-iggelheim.de<\/a><\/strong><\/p>\n<p><strong>Honorarkr\u00e4fte: <\/strong>Nora Kiefer (Lehramt), Maya Rummel (Lehramt)<\/p>\n<p>&nbsp;<\/p>\n<p>In unserem gro\u00dfen <em><strong>Gruppenraum<\/strong> <\/em>im ersten Stock stehen neben einem Dart auch ein Fernseher und eine PlayStation zur Verf\u00fcgung.<\/p>\n<p>Die PCs k\u00f6nnen zum Surfen, f\u00fcr Bewerbungen oder Spielen genutzt werden.<\/p>\n<p>Eine<em><strong> gem\u00fctliche Sitzecke<\/strong><\/em> l\u00e4dt zum Verweilen ein. Unsere K\u00fcche kann auch von den Jugendlichen mitgenutzt werden.<\/p>\n<p><img decoding=\"async\" class=\"aligncenter\" src=\"https:\/\/juz-boehl-iggelheim.de\/wp-content\/uploads\/2021\/06\/Gruppenraum1-768x576-1.jpg\" sizes=\"(max-width: 676px) 100vw, 676px\" srcset=\"https:\/\/juz-boehl-iggelheim.de\/wp-content\/uploads\/2021\/06\/Gruppenraum1-768x576-1.jpg 768w, https:\/\/juz-boehl-iggelheim.de\/wp-content\/uploads\/2021\/06\/Gruppenraum1-768x576-1-300x225.jpg 300w, https:\/\/juz-boehl-iggelheim.de\/wp-content\/uploads\/2021\/06\/Gruppenraum1-768x576-1-676x507.jpg 676w\" alt=\"\" width=\"499\" height=\"374\"><br \/>\n<img decoding=\"async\" class=\"aligncenter\" src=\"https:\/\/juz-boehl-iggelheim.de\/wp-content\/uploads\/2021\/06\/Gruppenraum3-300x225-1.jpg\" alt=\"\" width=\"300\" height=\"225\"><\/p>\n<p>F\u00fcr Bundesligaspiele und andere Sport-TV-Events haben wir einen gro\u00dfen Fernseher f\u00fcr Euch!<\/p>\n<p>&nbsp;<\/p>\n<p style=\"text-align: center;\"><em>Ein Billardtisch darf nat\u00fcrlich nicht fehlen \ud83d\ude09<\/em><\/p>\n<p><img loading=\"lazy\" decoding=\"async\" class=\"aligncenter\" src=\"https:\/\/juz-boehl-iggelheim.de\/wp-content\/uploads\/2021\/06\/Billardraum-300x225-1.jpg\" alt=\"\" width=\"300\" height=\"225\"><br \/>\n<img loading=\"lazy\" decoding=\"async\" src=\"https:\/\/juz-boehl-iggelheim.de\/wp-content\/uploads\/2021\/06\/Playstation-und-Buecher-300x225-1.jpg\" alt=\"\" width=\"300\" height=\"225\"><\/p>\n<p>Der Mehrzweckraum im Obergeschoss wird von den Fans von PlayStation und Wii ebenso genutzt, wie von unserer Rollenspielgruppe &#8220;DSA&#8221;, die sich immer zweimal in der Woche trifft.<\/p>\n<p>Unsere <strong>Halle<\/strong> verf\u00fcgt \u00fcber viel Platz, ein Trampolin, einen Kicker und eine Chillout-Ecke.<\/p>\n<p><img loading=\"lazy\" decoding=\"async\" src=\"https:\/\/juz-boehl-iggelheim.de\/wp-content\/uploads\/2021\/06\/Halle-300x225-1.jpg\" alt=\"\" width=\"300\" height=\"225\"><img loading=\"lazy\" decoding=\"async\" src=\"https:\/\/juz-boehl-iggelheim.de\/wp-content\/uploads\/2021\/06\/Volley-und-Fussballplatz-300x225-1.jpg\" alt=\"\" width=\"300\" height=\"225\"><\/p>\n<p>Die Halle kann genauso vielseitig genutzt werden, wie unser gro\u00dfer Beachvolleyball- \/Fu\u00dfballplatz.<\/p>\n<p>Und was verbirgt sich wohl hinter dieser T\u00fcr?<\/p>\n<p><img loading=\"lazy\" decoding=\"async\" src=\"https:\/\/juz-boehl-iggelheim.de\/wp-content\/uploads\/2016\/04\/Beutelsend3-1-300x225.jpg\" alt=\"Beutelsend3\" width=\"260\" height=\"195\"><\/p>\n<p>Richtig, unsere <em><strong>Werkstatt<\/strong><\/em>:<\/p>\n<p><img loading=\"lazy\" decoding=\"async\" src=\"https:\/\/juz-boehl-iggelheim.de\/wp-content\/uploads\/2016\/04\/Werkstatt-innen1-300x225.jpg\" alt=\"Werkstatt innen1\" width=\"260\" height=\"195\"><\/p>\n<p style=\"text-align: center;\">Hier kann gebastelt, gezimmert und erfunden werden, was die Kreativit\u00e4t hergibt.<\/p>\n<p style=\"text-align: center;\"><strong><em>Nat\u00fcrlich macht es wenig Sinn, jeden Zentimeter unseres Hauses hier als Photo zu hinterlegen &#8211; also kommt doch am Besten vorbei und schaut, was es noch zu entdecken gibt!<\/em><\/strong><\/p>\n<p>Wir legen Wert auf <em>Kooperation<\/em> mit anderen Organisationen, die im Kinder- und Jugendbereich arbeiten. Wir sind davon \u00fcberzeugt, dass man <strong>gemeinsam<\/strong> mehr erreichen kann. Derzeit bestehen z.B. schon Kooperationen mit den \u00f6rtlichen Schulen, dem gemeinn\u00fctzigen Verein Kinder- und Jugendfreundliches B\u00f6hl-Iggelheim e.V., sowie mit den&nbsp; Kirchengemeinden, den \u00f6ffentlichen B\u00fcchereien und anderen lokalen Vereinen.<\/p>\n<p>Wir freuen uns auch immer \u00fcber <strong>ehrenamtliches<\/strong> Engagement oder Interessenten an einem Freiwilligen Sozialen Jahr.<\/p>\n<p>Ihr\/Euer<\/p>\n<p><img loading=\"lazy\" decoding=\"async\" src=\"https:\/\/juz-boehl-iggelheim.de\/wp-content\/uploads\/2016\/03\/Juz-Sign-V2-300x283.jpg\" alt=\"Juz Sign V2\" width=\"128\" height=\"121\"><\/p>\n","protected":false},"excerpt":{"rendered":"<p>Das Kinder- und Jugendzentrum B\u00f6hl-Iggelheim ist eine Einrichtung der Jugendpflege und steht unter der Tr\u00e4gerschaft der Gemeinde B\u00f6hl-Iggelheim. W\u00e4hrend der \u00d6ffnungszeiten sind immer hauptamtliche p\u00e4dagogische Mitarbeiter vor Ort und stehen als Ansprechpartner f\u00fcr Kinder, Jugendliche, Eltern und allen Interessierten zur Verf\u00fcgung. &nbsp; &nbsp; Kontakt: 06324- 979184 oder 921 90 404 oder per Email an: Jugendzentrum@boehl-iggelheim.de [&hellip;]<\/p>\n","protected":false},"author":1,"featured_media":0,"parent":0,"menu_order":1,"comment_status":"closed","ping_status":"closed","template":"","meta":{"_crdt_document":"","ngg_post_thumbnail":0,"footnotes":""},"class_list":["post-40","page","type-page","status-publish","hentry","post-preview"],"_links":{"self":[{"href":"https:\/\/juz-boehl-iggelheim.de\/index.php?rest_route=\/wp\/v2\/pages\/40","targetHints":{"allow":["GET"]}}],"collection":[{"href":"https:\/\/juz-boehl-iggelheim.de\/index.php?rest_route=\/wp\/v2\/pages"}],"about":[{"href":"https:\/\/juz-boehl-iggelheim.de\/index.php?rest_route=\/wp\/v2\/types\/page"}],"author":[{"embeddable":true,"href":"https:\/\/juz-boehl-iggelheim.de\/index.php?rest_route=\/wp\/v2\/users\/1"}],"replies":[{"embeddable":true,"href":"https:\/\/juz-boehl-iggelheim.de\/index.php?rest_route=%2Fwp%2Fv2%2Fcomments&post=40"}],"version-history":[{"count":84,"href":"https:\/\/juz-boehl-iggelheim.de\/index.php?rest_route=\/wp\/v2\/pages\/40\/revisions"}],"predecessor-version":[{"id":8151,"href":"https:\/\/juz-boehl-iggelheim.de\/index.php?rest_route=\/wp\/v2\/pages\/40\/revisions\/8151"}],"wp:attachment":[{"href":"https:\/\/juz-boehl-iggelheim.de\/index.php?rest_route=%2Fwp%2Fv2%2Fmedia&parent=40"}],"curies":[{"name":"wp","href":"https:\/\/api.w.org\/{rel}","templated":true}]}}