{"id":6626,"date":"2022-01-31T17:15:00","date_gmt":"2022-01-31T15:15:00","guid":{"rendered":"http:\/\/juz-boehl-iggelheim.de\/?p=6626"},"modified":"2026-02-13T13:48:10","modified_gmt":"2026-02-13T12:48:10","slug":"oeffnung-juz-ab-september-2021","status":"publish","type":"page","link":"https:\/\/juz-boehl-iggelheim.de\/?page_id=6626","title":{"rendered":"\u00d6ffnungszeiten"},"content":{"rendered":"\t\t<div data-elementor-type=\"wp-post\" data-elementor-id=\"6626\" class=\"elementor elementor-6626\">\n\t\t\t\t\t\t<section class=\"elementor-section elementor-top-section elementor-element elementor-element-0e0536c elementor-section-boxed elementor-section-height-default elementor-section-height-default\" data-id=\"0e0536c\" data-element_type=\"section\" data-e-type=\"section\">\n\t\t\t\t\t\t<div class=\"elementor-container elementor-column-gap-default\">\n\t\t\t\t\t<div class=\"elementor-column elementor-col-100 elementor-top-column elementor-element elementor-element-bae5055\" data-id=\"bae5055\" data-element_type=\"column\" data-e-type=\"column\">\n\t\t\t<div class=\"elementor-widget-wrap elementor-element-populated\">\n\t\t\t\t\t\t<div class=\"elementor-element elementor-element-d9e3fd7 elementor-widget elementor-widget-text-editor\" data-id=\"d9e3fd7\" data-element_type=\"widget\" data-e-type=\"widget\" data-widget_type=\"text-editor.default\">\n\t\t\t\t<div class=\"elementor-widget-container\">\n\t\t\t\t\t\t\t\t\t<p style=\"text-align: center;\"><strong>\u00c4nderungen und Schlie\u00dfzeiten werden hier auf der Homepage ver\u00f6ffentlicht!<\/strong><\/p>\t\t\t\t\t\t\t\t<\/div>\n\t\t\t\t<\/div>\n\t\t\t\t\t<\/div>\n\t\t<\/div>\n\t\t\t\t\t<\/div>\n\t\t<\/section>\n\t\t\t\t<section class=\"elementor-section elementor-top-section elementor-element elementor-element-43eec1e elementor-section-boxed elementor-section-height-default elementor-section-height-default\" data-id=\"43eec1e\" data-element_type=\"section\" data-e-type=\"section\">\n\t\t\t\t\t\t<div class=\"elementor-container elementor-column-gap-default\">\n\t\t\t\t\t<div class=\"elementor-column elementor-col-100 elementor-top-column elementor-element elementor-element-c7341b2\" data-id=\"c7341b2\" data-element_type=\"column\" data-e-type=\"column\">\n\t\t\t<div class=\"elementor-widget-wrap elementor-element-populated\">\n\t\t\t\t\t\t<div class=\"elementor-element elementor-element-f0440cf elementor-widget elementor-widget-text-editor\" data-id=\"f0440cf\" data-element_type=\"widget\" data-e-type=\"widget\" data-widget_type=\"text-editor.default\">\n\t\t\t\t<div class=\"elementor-widget-container\">\n\t\t\t\t\t\t\t\t\t<p style=\"text-align: center;\"><em><strong>MONTAG, 18 &#8211; 20 Uhr:<\/strong><\/em><\/p><p style=\"text-align: center;\"><span style=\"font-family: comic sans ms, sans-serif;\"><strong>Jugendtreff <\/strong><\/span><\/p><p style=\"text-align: center;\">(f\u00fcr <strong>Jugendliche <\/strong>von <strong>13-27 Jahren<\/strong>)<\/p>\t\t\t\t\t\t\t\t<\/div>\n\t\t\t\t<\/div>\n\t\t\t\t<div class=\"elementor-element elementor-element-81dc42e elementor-widget-divider--view-line elementor-widget elementor-widget-divider\" data-id=\"81dc42e\" data-element_type=\"widget\" data-e-type=\"widget\" data-widget_type=\"divider.default\">\n\t\t\t\t<div class=\"elementor-widget-container\">\n\t\t\t\t\t\t\t<div class=\"elementor-divider\">\n\t\t\t<span class=\"elementor-divider-separator\">\n\t\t\t\t\t\t<\/span>\n\t\t<\/div>\n\t\t\t\t\t\t<\/div>\n\t\t\t\t<\/div>\n\t\t\t\t<div class=\"elementor-element elementor-element-c27dc46 elementor-widget elementor-widget-text-editor\" data-id=\"c27dc46\" data-element_type=\"widget\" data-e-type=\"widget\" data-widget_type=\"text-editor.default\">\n\t\t\t\t<div class=\"elementor-widget-container\">\n\t\t\t\t\t\t\t\t\t<p style=\"text-align: center;\"><strong><em><span style=\"font-family: comic sans ms, sans-serif;\">Caf\u00e9 International:<\/span> <\/em><\/strong><\/p><p style=\"text-align: center;\"><strong><em>DIENSTAG<\/em>, 16:30 &#8211; 20 Uhr:<\/strong><\/p><p style=\"text-align: center;\"><em><strong><span style=\"font-family: comic sans ms, sans-serif;\">Jugendtreff<\/span>: <\/strong><\/em><\/p><p style=\"text-align: center;\"><em><strong>DIENSTAG, 17 &#8211; 21 Uhr:<\/strong><\/em><\/p><p style=\"text-align: center;\">(f\u00fcr <strong>Jugendliche <\/strong>von <strong>13-27 Jahren<\/strong>)<\/p>\t\t\t\t\t\t\t\t<\/div>\n\t\t\t\t<\/div>\n\t\t\t\t<div class=\"elementor-element elementor-element-12cdc66 elementor-widget-divider--view-line elementor-widget elementor-widget-divider\" data-id=\"12cdc66\" data-element_type=\"widget\" data-e-type=\"widget\" data-widget_type=\"divider.default\">\n\t\t\t\t<div class=\"elementor-widget-container\">\n\t\t\t\t\t\t\t<div class=\"elementor-divider\">\n\t\t\t<span class=\"elementor-divider-separator\">\n\t\t\t\t\t\t<\/span>\n\t\t<\/div>\n\t\t\t\t\t\t<\/div>\n\t\t\t\t<\/div>\n\t\t\t\t<div class=\"elementor-element elementor-element-1257382 elementor-widget elementor-widget-text-editor\" data-id=\"1257382\" data-element_type=\"widget\" data-e-type=\"widget\" data-widget_type=\"text-editor.default\">\n\t\t\t\t<div class=\"elementor-widget-container\">\n\t\t\t\t\t\t\t\t\t<p style=\"text-align: center;\"><span style=\"color: #000000;\"><em><strong>MITTWOCH, 15 &#8211; 17.30 Uhr:<\/strong><\/em><\/span><\/p><p style=\"text-align: center;\"><span style=\"color: #000000; font-family: comic sans ms, sans-serif;\"><strong>Kindertreff<\/strong> (f\u00fcr <strong><em>bereits eingeschulte<\/em> <i>Kinder<\/i><\/strong> von <strong>6-12<\/strong> <b>Jahren<\/b>)<\/span><\/p><p style=\"text-align: center;\"><span style=\"color: #000000;\"><em><strong>und von 17.45 &#8211; 21 Uhr:<\/strong><\/em><\/span><\/p><p style=\"text-align: center;\"><span style=\"color: #000000; font-family: comic sans ms, sans-serif;\"><strong>Jugendtreff<\/strong> (f\u00fcr <strong>Jugendliche <\/strong>von <strong>13-27 Jahren<\/strong><em>)<\/em><\/span><\/p>\t\t\t\t\t\t\t\t<\/div>\n\t\t\t\t<\/div>\n\t\t\t\t<div class=\"elementor-element elementor-element-bfe6071 elementor-widget-divider--view-line elementor-widget elementor-widget-divider\" data-id=\"bfe6071\" data-element_type=\"widget\" data-e-type=\"widget\" data-widget_type=\"divider.default\">\n\t\t\t\t<div class=\"elementor-widget-container\">\n\t\t\t\t\t\t\t<div class=\"elementor-divider\">\n\t\t\t<span class=\"elementor-divider-separator\">\n\t\t\t\t\t\t<\/span>\n\t\t<\/div>\n\t\t\t\t\t\t<\/div>\n\t\t\t\t<\/div>\n\t\t\t\t<div class=\"elementor-element elementor-element-db5e898 elementor-widget elementor-widget-text-editor\" data-id=\"db5e898\" data-element_type=\"widget\" data-e-type=\"widget\" data-widget_type=\"text-editor.default\">\n\t\t\t\t<div class=\"elementor-widget-container\">\n\t\t\t\t\t\t\t\t\t<p style=\"text-align: center;\"><em><strong>DONNERSTAG, 17 &#8211; 21 Uhr:<\/strong><\/em><\/p>\n<p style=\"text-align: center;\"><span style=\"font-family: comic sans ms, sans-serif;\"><strong>Jugendtreff (f\u00fcr Jugendliche von 13-27 Jahren)<\/strong><\/span><\/p>\t\t\t\t\t\t\t\t<\/div>\n\t\t\t\t<\/div>\n\t\t\t\t<div class=\"elementor-element elementor-element-929d6ec elementor-widget-divider--view-line elementor-widget elementor-widget-divider\" data-id=\"929d6ec\" data-element_type=\"widget\" data-e-type=\"widget\" data-widget_type=\"divider.default\">\n\t\t\t\t<div class=\"elementor-widget-container\">\n\t\t\t\t\t\t\t<div class=\"elementor-divider\">\n\t\t\t<span class=\"elementor-divider-separator\">\n\t\t\t\t\t\t<\/span>\n\t\t<\/div>\n\t\t\t\t\t\t<\/div>\n\t\t\t\t<\/div>\n\t\t\t\t<div class=\"elementor-element elementor-element-44c4993 elementor-widget elementor-widget-text-editor\" data-id=\"44c4993\" data-element_type=\"widget\" data-e-type=\"widget\" data-widget_type=\"text-editor.default\">\n\t\t\t\t<div class=\"elementor-widget-container\">\n\t\t\t\t\t\t\t\t\t<p style=\"text-align: center;\"><strong><em>FREITAG, 15 &#8211; 17.30 Uhr:<\/em><\/strong><\/p><p style=\"text-align: center;\"><span style=\"font-family: comic sans ms, sans-serif;\"><strong>Kindertreff<\/strong> (f\u00fcr <strong><i><em>bereits eingeschulte<\/em> Kinder <\/i><\/strong>von <strong>6-12<\/strong> <b>Jahren<\/b>)<\/span><\/p><p style=\"text-align: center;\"><strong><em>und von 17.45 &#8211; 21 Uhr:<\/em><\/strong><\/p><p style=\"text-align: center;\"><strong>Jugendtreff<\/strong><\/p><p style=\"text-align: center;\"><span style=\"color: #ff0000; font-family: comic sans ms, sans-serif; font-size: 14pt;\"><em><b>! Nur <\/b>f\u00fcr Jugendliche zwischen <strong>12 und 17<\/strong> Jahren <b>!<\/b><\/em><\/span><\/p>\t\t\t\t\t\t\t\t<\/div>\n\t\t\t\t<\/div>\n\t\t\t\t\t<\/div>\n\t\t<\/div>\n\t\t\t\t\t<\/div>\n\t\t<\/section>\n\t\t\t\t<\/div>\n\t\t","protected":false},"excerpt":{"rendered":"<p>\u00c4nderungen und Schlie\u00dfzeiten werden hier auf der Homepage ver\u00f6ffentlicht! MONTAG, 18 &#8211; 20 Uhr: Jugendtreff (f\u00fcr Jugendliche von 13-27 Jahren) Caf\u00e9 International: DIENSTAG, 16:30 &#8211; 20 Uhr: Jugendtreff: DIENSTAG, 17 &#8211; 21 Uhr: (f\u00fcr Jugendliche von 13-27 Jahren) MITTWOCH, 15 &#8211; 17.30 Uhr: Kindertreff (f\u00fcr bereits eingeschulte Kinder von 6-12 Jahren) und von 17.45 &#8211; [&hellip;]<\/p>\n","protected":false},"author":1,"featured_media":0,"parent":0,"menu_order":0,"comment_status":"closed","ping_status":"closed","template":"","meta":{"_crdt_document":"","ngg_post_thumbnail":0,"footnotes":""},"class_list":["post-6626","page","type-page","status-publish","hentry","post-preview"],"_links":{"self":[{"href":"https:\/\/juz-boehl-iggelheim.de\/index.php?rest_route=\/wp\/v2\/pages\/6626","targetHints":{"allow":["GET"]}}],"collection":[{"href":"https:\/\/juz-boehl-iggelheim.de\/index.php?rest_route=\/wp\/v2\/pages"}],"about":[{"href":"https:\/\/juz-boehl-iggelheim.de\/index.php?rest_route=\/wp\/v2\/types\/page"}],"author":[{"embeddable":true,"href":"https:\/\/juz-boehl-iggelheim.de\/index.php?rest_route=\/wp\/v2\/users\/1"}],"replies":[{"embeddable":true,"href":"https:\/\/juz-boehl-iggelheim.de\/index.php?rest_route=%2Fwp%2Fv2%2Fcomments&post=6626"}],"version-history":[{"count":142,"href":"https:\/\/juz-boehl-iggelheim.de\/index.php?rest_route=\/wp\/v2\/pages\/6626\/revisions"}],"predecessor-version":[{"id":8258,"href":"https:\/\/juz-boehl-iggelheim.de\/index.php?rest_route=\/wp\/v2\/pages\/6626\/revisions\/8258"}],"wp:attachment":[{"href":"https:\/\/juz-boehl-iggelheim.de\/index.php?rest_route=%2Fwp%2Fv2%2Fmedia&parent=6626"}],"curies":[{"name":"wp","href":"https:\/\/api.w.org\/{rel}","templated":true}]}}